{"id":19335,"date":"2019-05-28T13:37:34","date_gmt":"2019-05-28T13:37:34","guid":{"rendered":"https:\/\/fcmanrique.org\/?post_type=fcm_c_ev_relac&#038;p=19335"},"modified":"2019-05-28T13:48:30","modified_gmt":"2019-05-28T13:48:30","slug":"la-ull-destaca-los-murales-de-cesar-manrique-en-la-seccion-de-nautica-con-motivo-del-centenario-del-artista","status":"publish","type":"fcm_c_ev_relac","link":"https:\/\/fcmanrique.org\/it\/fcm-c-ev-relac\/la-ull-destaca-los-murales-de-cesar-manrique-en-la-seccion-de-nautica-con-motivo-del-centenario-del-artista\/","title":{"rendered":"La ULL destaca los murales de C\u00e9sar Manrique en la Secci\u00f3n de N\u00e1utica"},"content":{"rendered":"<p class=\"qtranxs-available-languages-message qtranxs-available-languages-message-it\">Ci spiace, ma questo articolo \u00e8 disponibile soltanto in <a href=\"https:\/\/fcmanrique.org\/es\/wp-json\/wp\/v2\/fcm_c_ev_relac\/19335\" class=\"qtranxs-available-language-link qtranxs-available-language-link-es\" title=\"ES\">ES<\/a>.<\/p><p>La Secci\u00f3n de N\u00e1utica, M\u00e1quinas y Radioelectr\u00f3nica Naval de la Escuela Polit\u00e9cnica Superior de Ingenier\u00eda de la Universidad de La Laguna acogi\u00f3 el pasado d\u00eda jueves 23 de mayo, una actividad del programa mediante el cual la instituci\u00f3n acad\u00e9mica se suma a la celebraci\u00f3n del centenario de C\u00e9sar Manrique. Su prop\u00f3sito ha sido poner en valor las obras que el artista lanzarote\u00f1o elabor\u00f3 para las instalaciones universitarias, entre las cuales destaca el inmenso mural de 1966 titulado \u201cAnatom\u00eda de un barco\u201d, ubicado en el sal\u00f3n de actos de la secci\u00f3n universitaria.<\/p>\n<p><a href=\"https:\/\/fcmanrique.org\/wp-content\/uploads\/fc-manrique-ull-murales-cesar-seccion-nautica1.jpg\"><img loading=\"lazy\" decoding=\"async\" class=\"alignnone size-full wp-image-19337\" src=\"https:\/\/fcmanrique.org\/wp-content\/uploads\/fc-manrique-ull-murales-cesar-seccion-nautica1.jpg\" alt=\"\" width=\"920\" height=\"614\" srcset=\"https:\/\/fcmanrique.org\/wp-content\/uploads\/fc-manrique-ull-murales-cesar-seccion-nautica1.jpg 920w, https:\/\/fcmanrique.org\/wp-content\/uploads\/fc-manrique-ull-murales-cesar-seccion-nautica1-300x200.jpg 300w, https:\/\/fcmanrique.org\/wp-content\/uploads\/fc-manrique-ull-murales-cesar-seccion-nautica1-768x513.jpg 768w, https:\/\/fcmanrique.org\/wp-content\/uploads\/fc-manrique-ull-murales-cesar-seccion-nautica1-289x193.jpg 289w\" sizes=\"auto, (max-width: 920px) 100vw, 920px\" \/><\/a><\/p>\n<p>Acceso a la noticia completa: <a href=\"https:\/\/www.ull.es\/portal\/noticias\/2019\/murales-cesar-manrique-seccion-nautica\/\">https:\/\/www.ull.es\/portal\/noticias\/2019\/murales-cesar-manrique-seccion-nautica\/<\/a><\/p>","protected":false},"excerpt":{"rendered":"<p>Ci spiace, ma questo articolo \u00e8 disponibile soltanto in ES.La Secci\u00f3n de N\u00e1utica, M\u00e1quinas y Radioelectr\u00f3nica Naval de la Escuela Polit\u00e9cnica Superior de Ingenier\u00eda de la Universidad de La Laguna acogi\u00f3 el pasado d\u00eda jueves 23 de mayo, una actividad del programa mediante el cual la instituci\u00f3n acad\u00e9mica se suma a la celebraci\u00f3n del centenario&#8230; <a href=\"https:\/\/fcmanrique.org\/it\/fcm-c-ev-relac\/la-ull-destaca-los-murales-de-cesar-manrique-en-la-seccion-de-nautica-con-motivo-del-centenario-del-artista\/\" class=\"readmore\">Contin\u00faa leyendo \u2192<\/a><\/p>\n","protected":false},"featured_media":19336,"parent":0,"template":"","meta":{"_acf_changed":false,"ngg_post_thumbnail":0,"footnotes":""},"class_list":["post-19335","fcm_c_ev_relac","type-fcm_c_ev_relac","status-publish","has-post-thumbnail","hentry","c_ev_relac_categoria-colaboracion"],"acf":[],"_links":{"self":[{"href":"https:\/\/fcmanrique.org\/it\/wp-json\/wp\/v2\/fcm_c_ev_relac\/19335","targetHints":{"allow":["GET"]}}],"collection":[{"href":"https:\/\/fcmanrique.org\/it\/wp-json\/wp\/v2\/fcm_c_ev_relac"}],"about":[{"href":"https:\/\/fcmanrique.org\/it\/wp-json\/wp\/v2\/types\/fcm_c_ev_relac"}],"version-history":[{"count":2,"href":"https:\/\/fcmanrique.org\/it\/wp-json\/wp\/v2\/fcm_c_ev_relac\/19335\/revisions"}],"predecessor-version":[{"id":19341,"href":"https:\/\/fcmanrique.org\/it\/wp-json\/wp\/v2\/fcm_c_ev_relac\/19335\/revisions\/19341"}],"wp:featuredmedia":[{"embeddable":true,"href":"https:\/\/fcmanrique.org\/it\/wp-json\/wp\/v2\/media\/19336"}],"wp:attachment":[{"href":"https:\/\/fcmanrique.org\/it\/wp-json\/wp\/v2\/media?parent=19335"}],"curies":[{"name":"wp","href":"https:\/\/api.w.org\/{rel}","templated":true}]}}