{"id":21869,"date":"2020-01-23T13:28:31","date_gmt":"2020-01-23T13:28:31","guid":{"rendered":"https:\/\/fcmanrique.org\/?post_type=fcm_c_ev_relac&#038;p=21869"},"modified":"2020-01-23T13:34:07","modified_gmt":"2020-01-23T13:34:07","slug":"la-pelicula-de-una-isla-dirigida-por-jose-luis-guerin-y-producida-por-la-fcm-se-exhibira-en-el-festival-doc-fortnight-que-organiza-el-moma-de-nueva-york","status":"publish","type":"fcm_c_ev_relac","link":"https:\/\/fcmanrique.org\/it\/fcm-c-ev-relac\/la-pelicula-de-una-isla-dirigida-por-jose-luis-guerin-y-producida-por-la-fcm-se-exhibira-en-el-festival-doc-fortnight-que-organiza-el-moma-de-nueva-york\/","title":{"rendered":"La pel\u00edcula &#8216;De una isla&#8217;, dirigida por Jos\u00e9 Luis Guerin y producida por la FCM, se exhibir\u00e1 en el festival Doc Fortnight que organiza el MoMA de Nueva York"},"content":{"rendered":"<p class=\"qtranxs-available-languages-message qtranxs-available-languages-message-it\">Ci spiace, ma questo articolo \u00e8 disponibile soltanto in <a href=\"https:\/\/fcmanrique.org\/es\/wp-json\/wp\/v2\/fcm_c_ev_relac\/21869\" class=\"qtranxs-available-language-link qtranxs-available-language-link-es\" title=\"ES\">ES<\/a>.<\/p><p>El cortometraje \u201cDe una isla\u201d, dirigido por el cineasta Jos\u00e9 Luis Guerin y producido por la Fundaci\u00f3n C\u00e9sar Manrique (FCM) sobre Lanzarote y C\u00e9sar Manrique, ha sido incluido dentro de la programaci\u00f3n de la XVIII Edici\u00f3n del Festival <em>Doc Fortnight 2020<\/em>, sobre pel\u00edculas y contenidos internacionales de no ficci\u00f3n, que organiza el Museo de Arte Moderno de Nueva York (MoMA) entre el 5 y el 19 de febrero.<\/p>\n<p>Concretamente, esta aproximaci\u00f3n po\u00e9tica a los or\u00edgenes y a la configuraci\u00f3n m\u00edtica de Lanzarote, de 26 minutos de duraci\u00f3n, se proyectar\u00e1 los d\u00edas 9 y 16 de febrero, junto a otros cortos producidos en Gran Breta\u00f1a, Estados Unidos, Taiw\u00e1n y Portugal, todos englobados bajo el ep\u00edgrafe \u201cEstoy mirando a trav\u00e9s de ti\u201d.<\/p>\n<p>\u201cDe una isla\u201d, descrita por los organizadores del festival neoyorquino como \u201cuna meditaci\u00f3n sobre el terreno volc\u00e1nico y la turbulenta historia de Lanzarote\u201d, se estren\u00f3 en Lanzarote en mayo de 2019, en los Multicines Atl\u00e1ntida, dentro de la programaci\u00f3n del centenario de C\u00e9sar Manrique que la instituci\u00f3n que lleva su nombre continuar\u00e1 celebrando hasta el 24 de abril de 2020.<\/p>\n<p>Tras su estreno en Lanzarote, el cortometraje ha itinerado por Festivales tan prestigiosos como el de Locarno, en Suiza, el pasado mes de agosto; el Festival de Cine Europeo de Sevilla o el Festival de Cine Independiente de Barcelona <em>L\u00b4Alternativa<\/em>, entre otros circuitos cinematogr\u00e1ficos.<\/p>\n<p>Investigando el legado de C\u00e9sar Manrique y respondiendo a un encargo de la FCM, Guerin se pregunta si existe en la Historia del Arte un caso equivalente al de este creador que, \u201ccasi en solitario, consigue un cambio tan radical sobre su propio territorio. Un cambio profundo y perdurable basado en la lectura e interpretaci\u00f3n del paisaje, en definitiva, en la conciencia del propio territorio\u201d.<\/p>\n<p>Seg\u00fan el reconocido cineasta, autor de films tan celebrados como <em>En construcci\u00f3n<\/em>, <em>Innisfree<\/em> o <em>En la ciudad de Silvia<\/em>, ote\u00f3 Lanzarote \u201cbuscando desvelar el misterio de este gran drama paisaj\u00edstico que encarna la isla, escudri\u00f1ando sobre el terreno vestigios e&nbsp;indicios suministrados por los vientos, los minerales, la bot\u00e1nica y los mitos e identificando en todo ello un espejo de lo humano\u201d. Y, \u201catendiendo la reivindicaci\u00f3n artesanal de Manrique\u201d, trabaj\u00f3 esas im\u00e1genes sobre soporte fotoqu\u00edmico \u201cevidenciando su propia materialidad\u201d, a trav\u00e9s de \u201clas veladuras, del grano y de la textura que deseaba fusionar con la del basalto de la isla\u201d.<\/p>\n<p>En su trayectoria cinematogr\u00e1fica como director y guionista, Jos\u00e9 Luis Guerin (Barcelona, 1960) ha combinado la ficci\u00f3n y el documental, diluyendo las fronteras que existen entre ambos g\u00e9neros. En 2001 fue galardonado con el<em> Premio Nacional de Cinematograf\u00eda <\/em>y con un Goya a la Mejor Pel\u00edcula Documental por <em>En construcci\u00f3n<\/em>.<\/p>\n<p>M\u00e1s informaci\u00f3n sobre el estreno de la pel\u00edcula en Lanzarote:&nbsp;<a href=\"https:\/\/fcmanrique.org\/fcm-c-acti-celebrada\/jose-luis-guerin-he-creado-mi-propia-isla-cinematografica\/?lang=es\">https:\/\/fcmanrique.org\/fcm-c-acti-celebrada\/jose-luis-guerin-he-creado-mi-propia-isla-cinematografica\/?lang=es<\/a><\/p>","protected":false},"excerpt":{"rendered":"<p>Ci spiace, ma questo articolo \u00e8 disponibile soltanto in ES.El cortometraje \u201cDe una isla\u201d, dirigido por el cineasta Jos\u00e9 Luis Guerin y producido por la Fundaci\u00f3n C\u00e9sar Manrique (FCM) sobre Lanzarote y C\u00e9sar Manrique, ha sido incluido dentro de la programaci\u00f3n de la XVIII Edici\u00f3n del Festival Doc Fortnight 2020, sobre pel\u00edculas y contenidos internacionales&#8230; <a href=\"https:\/\/fcmanrique.org\/it\/fcm-c-ev-relac\/la-pelicula-de-una-isla-dirigida-por-jose-luis-guerin-y-producida-por-la-fcm-se-exhibira-en-el-festival-doc-fortnight-que-organiza-el-moma-de-nueva-york\/\" class=\"readmore\">Contin\u00faa leyendo \u2192<\/a><\/p>\n","protected":false},"featured_media":21870,"parent":0,"template":"","meta":{"_acf_changed":false,"ngg_post_thumbnail":0,"footnotes":""},"class_list":["post-21869","fcm_c_ev_relac","type-fcm_c_ev_relac","status-publish","has-post-thumbnail","hentry","c_ev_relac_categoria-presentacion"],"acf":[],"_links":{"self":[{"href":"https:\/\/fcmanrique.org\/it\/wp-json\/wp\/v2\/fcm_c_ev_relac\/21869","targetHints":{"allow":["GET"]}}],"collection":[{"href":"https:\/\/fcmanrique.org\/it\/wp-json\/wp\/v2\/fcm_c_ev_relac"}],"about":[{"href":"https:\/\/fcmanrique.org\/it\/wp-json\/wp\/v2\/types\/fcm_c_ev_relac"}],"version-history":[{"count":3,"href":"https:\/\/fcmanrique.org\/it\/wp-json\/wp\/v2\/fcm_c_ev_relac\/21869\/revisions"}],"predecessor-version":[{"id":21873,"href":"https:\/\/fcmanrique.org\/it\/wp-json\/wp\/v2\/fcm_c_ev_relac\/21869\/revisions\/21873"}],"wp:featuredmedia":[{"embeddable":true,"href":"https:\/\/fcmanrique.org\/it\/wp-json\/wp\/v2\/media\/21870"}],"wp:attachment":[{"href":"https:\/\/fcmanrique.org\/it\/wp-json\/wp\/v2\/media?parent=21869"}],"curies":[{"name":"wp","href":"https:\/\/api.w.org\/{rel}","templated":true}]}}