{"id":15045,"date":"2018-02-21T11:30:24","date_gmt":"2018-02-21T11:30:24","guid":{"rendered":"https:\/\/fcmanrique.org\/fcm-exposicion\/lanzarote-el-papel-de-la-crisis\/"},"modified":"2023-11-29T11:26:51","modified_gmt":"2023-11-29T11:26:51","slug":"lanzarote-el-papel-de-la-crisis","status":"publish","type":"fcm_exposicion","link":"https:\/\/fcmanrique.org\/it\/fcm-exposicion\/lanzarote-el-papel-de-la-crisis\/","title":{"rendered":"Lanzarote: el papel de la crisis"},"content":{"rendered":"<p class=\"qtranxs-available-languages-message qtranxs-available-languages-message-it\">Ci spiace, ma questo articolo \u00e8 disponibile soltanto in <a href=\"https:\/\/fcmanrique.org\/es\/wp-json\/wp\/v2\/fcm_exposicion\/15045\" class=\"qtranxs-available-language-link qtranxs-available-language-link-es\" title=\"ES\">ES<\/a>.<\/p><p>Del 27 de octubre de 2000 al 7 de enero del 2001, permaneci\u00f3 abierta al p\u00fablico, en la sede de la FCM, la exposici\u00f3n<em><strong> <span style=\"ofont-style: italic;\">Lanzarote: el papel de la crisis<\/span><\/strong>,<\/em> un proyec\u00adto producido y organizado por la FCM.<\/p>\n<p>Planteada como una exposici\u00f3n de tesis, en home\u00adnaje a C\u00e9sar Manrique, su discurso expositivo se for\u00admul\u00f3 como un compromiso con el territorio y con el patrimonio natural de Lanzarote, en la l\u00ednea de lo que C\u00e9sar Manrique siempre defendi\u00f3 para su isla y para Canarias.<\/p>\n<p>La exposici\u00f3n se inaugur\u00f3 el 27 de octubre con la presencia del presidente de la FCM, del direc\u00adtor de Actividades Fundacionales, de los dibujantes Jo\u00ads\u00e9 Gallego, Julio Rey, M\u00e1ximo San Juan y Andr\u00e9s R\u00e1bago (El Roto), de la Secretaria General de Medio Am\u00adbiente del Ministerio de Medio Am\u00adbiente y de la Directora General de Pol\u00edtica Ambiental de la Viceconse\u00adjer\u00eda de Medio Ambiente del Go\u00adbierno de Canarias.<\/p>\n<p>Esta iniciativa se enmarca dentro de la campa\u00f1a general promovida por la FCM sobre la necesidad de detener el crecimiento tur\u00edstico de la Isla, que inici\u00f3 la Instituci\u00f3n en 1998 con la publicaci\u00f3n del Manifiesto por la sostenibilidad de Lanzarote, y tuvo continuidad en dos jornadas de sensibilizaci\u00f3n ciudadana, realiza\u00addas en Arrecife bajo el lema de iParar ya!<\/p>\n<p>La muestra llamaba la atenci\u00f3n sobre la situaci\u00f3n de crisis que atraviesa Lanzarote debido a los desajustes sociales y ambientales que est\u00e1 provocando el excesivo creci\u00admiento tur\u00edstico de la Isla. Con la exposici\u00f3n Lanzarote: el papel de la crisis, comisariada por Fernando G\u00f3mez Aguilera, la FCM pretend\u00eda subrayar el momento presente de grandes riesgos que afectan a la Isla y mover la conciencia de los habitantes de Lanzarote, para crear un clima social compartido que se traduzca en la demanda ciudadana de un nuevo marco econ\u00f3mico y social sostenible.<\/p>\n<p>As\u00ed mismo, con el cat\u00e1logo editado a prop\u00f3sito de la muestra, la FCM quiso contribuir a estudiar las razo\u00adnes y los mecanismos de la insostenibilidad del modelo desarrollista aplicado a Lanzarote, y, al mismo tiempo, ofrecer materiales de reflexi\u00f3n para construir una al\u00adternativa viable de presente y de futuro que no com\u00adprometa ni el territorio ni los recursos naturales o los equilibrios sociales.<\/p>\n<p>La exposici\u00f3n <em><span style=\"ofont-style: italic;\">Lanzarote: el papel de la crisis<\/span><\/em> abor\u00addaba un tema de gran actualidad en Canarias y, muy en especial en Lanzarote: el conflicto entre la actividad tur\u00edstica -un \u00e1rea estrat\u00e9gica de primera magnitud en el desarrollo socioecon\u00f3mico de las Islas-, y el mante\u00adnimiento de los equilibrios territoriales, ambientales y sociales.<\/p>\n<p>Los dibujos de cuatro prestigiosos humoristas gr\u00e1fi\u00adcos, <strong>Gallego &amp; Rey<\/strong>, <strong>M\u00e1ximo<\/strong>, <strong>Peridis<\/strong> y <strong>El Roto<\/strong>, y un montaje audiovisual, serv\u00edan de instrumentos para anali\u00adzar la realidad de la actividad tur\u00edstica y permit\u00edan al vi\u00adsitante reflexionar sobre esa realidad.<\/p>\n<p>Se incorpor\u00f3, asimismo, a la exposici\u00f3n, una acci\u00f3n ciudadana que, bajo el lema &#8220;Para que t\u00fa tambi\u00e9n hables&#8221;, invitaba a los visitantes de la muestra a que expresasen sus opiniones sobre Lanzarote y escribieran mensajes en adhesi\u00advos que deb\u00edan colocarse en las paredes de la sala de exposiciones (la mayor\u00eda de los mensajes reclamaron la defensa, protecci\u00f3n y conservaci\u00f3n de Lanzarote: &#8220;Cu\u00ed\u00addenla, dentro de 20 a\u00f1os queremos volver con nuestra hija&#8221;; &#8220;Por favor, salvemos uno de los pocos para\u00edsos que todav\u00eda existen. \u00a1Lanzarote es \u00fanico!&#8221;. Adem\u00e1s, se ofrec\u00eda la posibilidad de consultar el cat\u00e1logo de la ex\u00adposici\u00f3n a trav\u00e9s de un soporte inform\u00e1tico.<\/p>\n<p>A la exposici\u00f3n le acompa\u00f1aba un <a href=\"https:\/\/fcmanrique.org\/fcm-publicacion\/lanzarote-el-papel-de-la-crisis\/?cpg=2\" target=\"_blank\" rel=\"noopener\"><strong>cat\u00e1logo<\/strong><\/a> de 240 p\u00e1ginas en el que se recoge, junto a los dibujos, un tex\u00adto de Fernando G\u00f3mez Aguilera sobre la situaci\u00f3n ac\u00adtual de Lanzarote en el contexto de Canarias, y trece art\u00edculos de prestigiosos profesionales -Federico Agui\u00adlera Klink, Joan Buades, Roque Calero, Antonio Estevan, Francisco Jarauta, Antonio Machado, Jos\u00e9 Mar\u00eda Mendi\u00adluce, Jos\u00e9 Manuel Naredo, Ezequiel Nav\u00edo, Juan Antonio Ram\u00edrez, Enric Tello, Alfonso del Val y Florencio Zoido\u00ad sobre distintos aspectos relacionados con la sostenibili\u00addad insular: residuos, energ\u00edas, infraestructuras, etc.<\/p>\n<p>Tras su clausura en la sede de la FCM, la exposi\u00adci\u00f3n iniciar\u00e1 una itinerancia por distintas islas del Ar\u00adchipi\u00e9lago. La exposici\u00f3n fue visitada por 62.200 personas.<\/p>","protected":false},"featured_media":16825,"parent":0,"template":"","meta":{"_acf_changed":false,"ngg_post_thumbnail":0,"footnotes":""},"exposicion_linea_discursiva":[54],"class_list":["post-15045","fcm_exposicion","type-fcm_exposicion","status-publish","has-post-thumbnail","hentry","exposicion_linea_discursiva-educativas-y-ambientales"],"acf":[],"_links":{"self":[{"href":"https:\/\/fcmanrique.org\/it\/wp-json\/wp\/v2\/fcm_exposicion\/15045","targetHints":{"allow":["GET"]}}],"collection":[{"href":"https:\/\/fcmanrique.org\/it\/wp-json\/wp\/v2\/fcm_exposicion"}],"about":[{"href":"https:\/\/fcmanrique.org\/it\/wp-json\/wp\/v2\/types\/fcm_exposicion"}],"version-history":[{"count":2,"href":"https:\/\/fcmanrique.org\/it\/wp-json\/wp\/v2\/fcm_exposicion\/15045\/revisions"}],"predecessor-version":[{"id":24705,"href":"https:\/\/fcmanrique.org\/it\/wp-json\/wp\/v2\/fcm_exposicion\/15045\/revisions\/24705"}],"wp:featuredmedia":[{"embeddable":true,"href":"https:\/\/fcmanrique.org\/it\/wp-json\/wp\/v2\/media\/16825"}],"wp:attachment":[{"href":"https:\/\/fcmanrique.org\/it\/wp-json\/wp\/v2\/media?parent=15045"}],"wp:term":[{"taxonomy":"exposicion_linea_discursiva","embeddable":true,"href":"https:\/\/fcmanrique.org\/it\/wp-json\/wp\/v2\/exposicion_linea_discursiva?post=15045"}],"curies":[{"name":"wp","href":"https:\/\/api.w.org\/{rel}","templated":true}]}}