{"id":16075,"date":"2002-11-30T00:00:00","date_gmt":"2002-11-30T00:00:00","guid":{"rendered":"https:\/\/fcmanrique.org\/fcm-publicacion\/cesar-manrique-pintura\/"},"modified":"2023-11-23T10:24:28","modified_gmt":"2023-11-23T10:24:28","slug":"cesar-manrique-pintura","status":"publish","type":"fcm_publicacion","link":"https:\/\/fcmanrique.org\/it\/fcm-publicacion\/cesar-manrique-pintura\/","title":{"rendered":"C\u00e9sar Manrique. Pintura"},"content":{"rendered":"<p class=\"qtranxs-available-languages-message qtranxs-available-languages-message-it\">Ci spiace, ma questo articolo \u00e8 disponibile soltanto in <a href=\"https:\/\/fcmanrique.org\/es\/wp-json\/wp\/v2\/fcm_publicacion\/16075\" class=\"qtranxs-available-language-link qtranxs-available-language-link-es\" title=\"ES\">ES<\/a>.<\/p><p><\/p>\n<p class=\"MsoNormal\" style=\"margin-right: -0.1pt; text-align: left;\"><span style=\"ofont-family: Arial;\">Este libro recorre la <strong>historia pict\u00f3rica de C\u00e9sar Manrique<\/strong> a trav\u00e9s de <strong>cuatro textos y 65 im\u00e1genes<\/strong>. Este recorrido est\u00e1 dividido en cap\u00edtulos cronol\u00f3gicos que presentan la faceta de pintor de Manrique. Mar\u00eda Dolores Jim\u00e9nez Blanco ha escrito sobre el contexto general en el que se desarroll\u00f3 el trabajo de Manrique. L\u00e1zaro Santana se ha encargado de la primera etapa del pintor, hasta el a\u00f1o 1958. <\/span>Mariano Navarro ha analizado los a\u00f1os 60 y 70 (quiz\u00e1 la etapa m\u00e1s rica en la pintura de Manrique) y Fernando Castro Borrego se ha ocupado de la obra de los \u00faltimos a\u00f1os.<\/p>\n<p class=\"MsoNormal\" style=\"margin-right: -0.1pt; text-align: left;\"><span style=\"ofont-family: Arial;\"><strong>Fernando Castro Borrego y Mar\u00eda Dolores Jim\u00e9nez-Blanco son profesores de Historia del Arte<\/strong> en la Universidad de La Laguna y en la Universidad Pompeu y Fabra, respectivamente; y <strong>Mariano Navarro y L\u00e1zaro Santana son cr\u00edticos de arte<\/strong>. <\/span><\/p>\n<p class=\"MsoNormal\" style=\"margin-right: -0.1pt; text-align: left;\"><span style=\"ofont-family: Arial;\"><em>C\u00e9sar Manrique. Pintura<\/em> se encuentra dentro del proceso de catalogaci\u00f3n que lleva desarrollando la FCM desde el a\u00f1o 95. <\/span><\/p>\n<p style=\"text-align: left;\"><span style=\"ofont-size: 10pt; ofont-family: Arial;\">\u201cEste libro recoge su pintura, lo m\u00e1s profundo del artista\u201d, seg\u00fan afirm\u00f3 Jos\u00e9 Saramago el d\u00eda de la presentaci\u00f3n del libro. Un homenaje al que C\u00e9sar no podr\u00eda haber renunciado, a pesar de su oposici\u00f3n a las placas y a las esculturas conmemorativas.<br \/>\n<\/span><\/p>\n<p><\/p>","protected":false},"featured_media":16076,"parent":0,"template":"","meta":{"_acf_changed":false,"ngg_post_thumbnail":0,"footnotes":""},"publicacion_coleccion":[63],"class_list":["post-16075","fcm_publicacion","type-fcm_publicacion","status-publish","has-post-thumbnail","hentry","publicacion_coleccion-manrique"],"acf":[],"_links":{"self":[{"href":"https:\/\/fcmanrique.org\/it\/wp-json\/wp\/v2\/fcm_publicacion\/16075","targetHints":{"allow":["GET"]}}],"collection":[{"href":"https:\/\/fcmanrique.org\/it\/wp-json\/wp\/v2\/fcm_publicacion"}],"about":[{"href":"https:\/\/fcmanrique.org\/it\/wp-json\/wp\/v2\/types\/fcm_publicacion"}],"version-history":[{"count":3,"href":"https:\/\/fcmanrique.org\/it\/wp-json\/wp\/v2\/fcm_publicacion\/16075\/revisions"}],"predecessor-version":[{"id":24501,"href":"https:\/\/fcmanrique.org\/it\/wp-json\/wp\/v2\/fcm_publicacion\/16075\/revisions\/24501"}],"wp:featuredmedia":[{"embeddable":true,"href":"https:\/\/fcmanrique.org\/it\/wp-json\/wp\/v2\/media\/16076"}],"wp:attachment":[{"href":"https:\/\/fcmanrique.org\/it\/wp-json\/wp\/v2\/media?parent=16075"}],"wp:term":[{"taxonomy":"publicacion_coleccion","embeddable":true,"href":"https:\/\/fcmanrique.org\/it\/wp-json\/wp\/v2\/publicacion_coleccion?post=16075"}],"curies":[{"name":"wp","href":"https:\/\/api.w.org\/{rel}","templated":true}]}}