{"id":16325,"date":"2009-03-31T00:00:00","date_gmt":"2009-03-31T00:00:00","guid":{"rendered":"https:\/\/fcmanrique.org\/fcm-publicacion\/novisimos-aerolitos\/"},"modified":"2024-04-05T09:26:53","modified_gmt":"2024-04-05T09:26:53","slug":"novisimos-aerolitos","status":"publish","type":"fcm_publicacion","link":"https:\/\/fcmanrique.org\/it\/fcm-publicacion\/novisimos-aerolitos\/","title":{"rendered":"Nov\u00edsimos aerolitos"},"content":{"rendered":"<p class=\"qtranxs-available-languages-message qtranxs-available-languages-message-it\">Ci spiace, ma questo articolo \u00e8 disponibile soltanto in <a href=\"https:\/\/fcmanrique.org\/es\/wp-json\/wp\/v2\/fcm_publicacion\/16325\" class=\"qtranxs-available-language-link qtranxs-available-language-link-es\" title=\"ES\">ES<\/a>.<\/p><p><!-- [if gte mso 9]><xml>\n\nNormal\n0\n21\n\nMicrosoftInternetExplorer4\n\n<\/xml><![endif]--><\/p>\n<p><span style=\"ofont-size: 10pt;\">Poeta, fundamentalmente, pero tambi\u00e9n ensayista, epigramista y traductor, <strong>Carlos Edmundo de Ory<\/strong> (C\u00e1diz, 1923), hijo del poeta modernista Eduardo de Ory, es uno de los autores vanguardistas m\u00e1s singulares y revolucionarios del panorama espa\u00f1ol actual.<\/span>&nbsp;<\/p>\n<p><span style=\"ofont-size: 10pt;\">Desde 1953 viaj\u00f3 sucesivamente a Francia, Marruecos, Per\u00fa y Bruselas. Entre 1955 y 1967 fij\u00f3 su residencia en Par\u00eds, y luego se traslad\u00f3 definitivamente a Amiens, como bibliotecario de la Maison de la Culture. Reside en Francia donde ha desarrollado una obra fundamental para las letras espa\u00f1olas del siglo XX y una actitud disidente e independiente que elude las etiquetas para crear una personalidad \u00fanica e irrepetible y una obra renovadora, basada en la diversidad, el ingenio, la ruptura, el desenfado culto y el dominio del lenguaje. Su aportaci\u00f3n constituye, sin duda, una de las trayectorias m\u00e1s vanguardistas y sorprendentes de la poes\u00eda hisp\u00e1nica del siglo XX.<\/span><\/p>\n<p><span style=\"ofont-size: 10pt;\">De su obra se destacan t\u00edtulos como <em>T\u00e9cnica y llanto<\/em>, <em>La flauta prohibida<\/em>, <em>Los sonetos<\/em>, <em>Lee sin temor<\/em>, <em>Poes\u00eda abierta<\/em>, <em>Metanoia<\/em> y <em>Los aerolitos<\/em>.<\/span><\/p>\n<p><em><span style=\"ofont-size: 10pt;\">Nov\u00edsimos aerolitos<\/span><\/em><span style=\"ofont-size: 10pt;\">, de Carlos Edmundo de Ory publicada por la Fundaci\u00f3n C\u00e9sar Manrique incluye seis dibujos de Laure Lach\u00e9roy. Ory recopil\u00f3 por primera vez sus aerolitos en una edici\u00f3n francesa publicada en 1962. Creaciones breves de dif\u00edcil clasificaci\u00f3n, los aerolitos, en su diversidad y rareza, desbordan cualquier pretensi\u00f3n de caracterizarlos gen\u00e9ricamente.<\/span><\/p>\n<p><em><span style=\"ofont-size: 10pt;\">Nov\u00edsimos aerolitos<\/span><\/em><span style=\"ofont-size: 10pt;\">, de Carlos Edmundo de Ory, hace el n\u00famero catorce dentro de la colecci\u00f3n P\u00e9\u00f1ola Blanca y fue publicado el 31 de marzo de 2009.<\/span><\/p>","protected":false},"featured_media":16326,"parent":0,"template":"","meta":{"_acf_changed":false,"ngg_post_thumbnail":0,"footnotes":""},"publicacion_coleccion":[66],"class_list":["post-16325","fcm_publicacion","type-fcm_publicacion","status-publish","has-post-thumbnail","hentry","publicacion_coleccion-penola-blanca"],"acf":[],"_links":{"self":[{"href":"https:\/\/fcmanrique.org\/it\/wp-json\/wp\/v2\/fcm_publicacion\/16325","targetHints":{"allow":["GET"]}}],"collection":[{"href":"https:\/\/fcmanrique.org\/it\/wp-json\/wp\/v2\/fcm_publicacion"}],"about":[{"href":"https:\/\/fcmanrique.org\/it\/wp-json\/wp\/v2\/types\/fcm_publicacion"}],"version-history":[{"count":3,"href":"https:\/\/fcmanrique.org\/it\/wp-json\/wp\/v2\/fcm_publicacion\/16325\/revisions"}],"predecessor-version":[{"id":25154,"href":"https:\/\/fcmanrique.org\/it\/wp-json\/wp\/v2\/fcm_publicacion\/16325\/revisions\/25154"}],"wp:featuredmedia":[{"embeddable":true,"href":"https:\/\/fcmanrique.org\/it\/wp-json\/wp\/v2\/media\/16326"}],"wp:attachment":[{"href":"https:\/\/fcmanrique.org\/it\/wp-json\/wp\/v2\/media?parent=16325"}],"wp:term":[{"taxonomy":"publicacion_coleccion","embeddable":true,"href":"https:\/\/fcmanrique.org\/it\/wp-json\/wp\/v2\/publicacion_coleccion?post=16325"}],"curies":[{"name":"wp","href":"https:\/\/api.w.org\/{rel}","templated":true}]}}