{"id":16337,"date":"2009-10-14T00:00:00","date_gmt":"2009-10-14T00:00:00","guid":{"rendered":"https:\/\/fcmanrique.org\/fcm-publicacion\/grandes-paisajes-de-europa\/"},"modified":"2023-11-23T09:48:09","modified_gmt":"2023-11-23T09:48:09","slug":"grandes-paisajes-de-europa","status":"publish","type":"fcm_publicacion","link":"https:\/\/fcmanrique.org\/it\/fcm-publicacion\/grandes-paisajes-de-europa\/","title":{"rendered":"Grandes paisajes de Europa"},"content":{"rendered":"<p class=\"qtranxs-available-languages-message qtranxs-available-languages-message-it\">Ci spiace, ma questo articolo \u00e8 disponibile soltanto in <a href=\"https:\/\/fcmanrique.org\/es\/wp-json\/wp\/v2\/fcm_publicacion\/16337\" class=\"qtranxs-available-language-link qtranxs-available-language-link-es\" title=\"ES\">ES<\/a>.<\/p><p><!-- [if gte mso 9]><xml>\n\nNormal\n0\n21\n\nMicrosoftInternetExplorer4\n\n<\/xml><![endif]--><\/p>\n<p><!-- [if gte mso 10]>\n\n\n\n<style>\n \/* Style Definitions *\/<br \/> table.MsoNormalTable<br \/>\t{mso-style-name:\"Tabla normal\";<br \/>\tmso-style-parent:\"\";<br \/>\t\"Times New Roman\";}<br \/><\/style>\n\n<![endif]--><strong><em><span style=\"ofont-size: 10pt;\">Grandes paisajes de Europa<\/span><\/em><\/strong><span style=\"ofont-size: 10pt;\"> aborda el estudio de obras paisaj\u00edsticas experimentales, discretamente ambiciosas y de gran escala, en las que las exigencias humanas tienen tanta importancia como las razones econ\u00f3micas y medioambientales. Se trata de proyectos elaborados de forma global, conscientemente inscritos en una historia espec\u00edfica, que se proponen prolongar en el fin de crear futuro.<\/span><\/p>\n<div><span style=\"ofont-size: 10pt;\">Es el n\u00famero 5 de la Colecci\u00f3n Ensayo y fue publicado el 14 de octubre de 2009. <\/span><span style=\"ofont-size: 10pt;\">El libro comprende textos (en ingl\u00e9s y en espa\u00f1ol) de<strong> Lorette Coen, Elissa Rosenberg y Christophe Girot.<\/strong><\/span><\/div>\n<div>&nbsp;<\/div>\n<p><span style=\"ofont-size: 10pt;\">Los proyectos documentados en esta publicaci\u00f3n, elegidos por su calidad, responden a problem\u00e1ticas paisaj\u00edsticas diversas, m\u00faltiples componentes, presentes en toda Europa, como reorganizaciones territoriales, implantaciones forestales, revitalizaci\u00f3n de r\u00edos, rehabilitaciones de muelles o riberas, reestructuraciones urbanas, reconversiones industriales, restauraciones de lugares deteriorados o revelaciones de lugares naturales e hist\u00f3ricos. Obras complejas, inscritas en espacios inmensos, que se desarrollan a largo plazo y que son fr\u00e1giles, al ser especialmente sensibles a las oscilaciones de la coyuntura y de la pol\u00edtica.<\/span><\/p>\n<div><span style=\"ofont-size: 10pt;\">La presente publicaci\u00f3n es un <strong>proyecto complementario de la exposici\u00f3n<a href=\"https:\/\/fcmanrique.org\/fcm-exposicion\/grandes-paisajes-de-europa\/?cpg=1\"><em> Grandes paisajes de Europa<\/em><\/a><\/strong> comisariada por Lorette Coen, producida por la Fundaci\u00f3n C\u00e9sar Manrique, que pudo verse en sus salas de Lanzarote del 28 de febrero al 4 de mayo de 2008. Posteriormente, la muestra itiner\u00f3 a la Galer\u00eda Lucy Mackintosh, Lausanne (Suiza), entre el 14 de mayo y el 31 de julio de 2009, incorpor\u00e1ndose a los diversos actos programados en la cuarta edici\u00f3n de la manifestaci\u00f3n Lausanne Jardins 2009.<\/span><\/div>\n<p><\/p>","protected":false},"featured_media":16339,"parent":0,"template":"","meta":{"_acf_changed":false,"ngg_post_thumbnail":0,"footnotes":""},"publicacion_coleccion":[60],"class_list":["post-16337","fcm_publicacion","type-fcm_publicacion","status-publish","has-post-thumbnail","hentry","publicacion_coleccion-ensayo"],"acf":[],"_links":{"self":[{"href":"https:\/\/fcmanrique.org\/it\/wp-json\/wp\/v2\/fcm_publicacion\/16337","targetHints":{"allow":["GET"]}}],"collection":[{"href":"https:\/\/fcmanrique.org\/it\/wp-json\/wp\/v2\/fcm_publicacion"}],"about":[{"href":"https:\/\/fcmanrique.org\/it\/wp-json\/wp\/v2\/types\/fcm_publicacion"}],"version-history":[{"count":3,"href":"https:\/\/fcmanrique.org\/it\/wp-json\/wp\/v2\/fcm_publicacion\/16337\/revisions"}],"predecessor-version":[{"id":24491,"href":"https:\/\/fcmanrique.org\/it\/wp-json\/wp\/v2\/fcm_publicacion\/16337\/revisions\/24491"}],"wp:featuredmedia":[{"embeddable":true,"href":"https:\/\/fcmanrique.org\/it\/wp-json\/wp\/v2\/media\/16339"}],"wp:attachment":[{"href":"https:\/\/fcmanrique.org\/it\/wp-json\/wp\/v2\/media?parent=16337"}],"wp:term":[{"taxonomy":"publicacion_coleccion","embeddable":true,"href":"https:\/\/fcmanrique.org\/it\/wp-json\/wp\/v2\/publicacion_coleccion?post=16337"}],"curies":[{"name":"wp","href":"https:\/\/api.w.org\/{rel}","templated":true}]}}