{"id":17717,"date":"1997-06-01T00:00:00","date_gmt":"1997-06-01T00:00:00","guid":{"rendered":"https:\/\/fcmanrique.org\/fcm-publicacion\/la-gestion-del-agua-de-riego-3\/"},"modified":"2021-12-21T14:19:24","modified_gmt":"2021-12-21T14:19:24","slug":"la-gestion-del-agua-de-riego-3","status":"publish","type":"fcm_publicacion","link":"https:\/\/fcmanrique.org\/it\/fcm-publicacion\/la-gestion-del-agua-de-riego-3\/","title":{"rendered":"La gesti\u00f3n del agua de riego"},"content":{"rendered":"<p class=\"qtranxs-available-languages-message qtranxs-available-languages-message-it\">Ci spiace, ma questo articolo \u00e8 disponibile soltanto in <a href=\"https:\/\/fcmanrique.org\/es\/wp-json\/wp\/v2\/fcm_publicacion\/17717\" class=\"qtranxs-available-language-link qtranxs-available-language-link-es\" title=\"ES\">ES<\/a>.<\/p><p><!-- [if gte mso 9]><xml>\n\nNormal\n0\n21\n\nMicrosoftInternetExplorer4\n\n<\/xml><![endif]--><\/p>\n<style type=\"text\/css\">\n<!-- \/* Style Definitions *\/ p.MsoNormal, li.MsoNormal, div.MsoNormal {mso-style-parent:\"\"; margin:0cm; margin-bottom:.0001pt; font-size:11.0pt; mso-fareast-\"Times New Roman\"; mso-bidi-\"Times New Roman\";} @page Section1 {size:612.0pt 792.0pt; margin:70.85pt 3.0cm 70.85pt 3.0cm;} div.Section1 {page:Section1;} --><br \/>\n<\/style>\n<p><!-- [if gte mso 10]>\n\n\n\n<style>\n \/* Style Definitions *\/<br \/>\n table.MsoNormalTable<br \/>\n\t{mso-style-name:\"Tabla normal\";<br \/>\n\tmso-style-parent:\"\";<br \/>\n\tfont-size:10.0pt;\"Times New Roman\";}<br \/>\n<\/style>\n\n<![endif]--><span style=\"font-size: 10pt;\">Redefinici\u00f3n del marco econ\u00f3mico, t\u00e9cnico, legal y administrativo propicio para asegurar una gesti\u00f3n m\u00e1s razonable del agua para riego (en relaci\u00f3n con los otros usos) que modere su utilizaci\u00f3n en funci\u00f3n de los costes econ\u00f3micos, alejando los riesgos de sobreexplotaci\u00f3n de acu\u00edferos y, en general, poniendo coto al actual deterioro del patrimonio hidrol\u00f3gico y de los ecosistemas vinculados al mismo. Incluye textos de Federico Aguilera, Pedro Arroyo, Estrella Bernal, Jos\u00e9 Carles, Jaume Erruz, Rodrigo Gilberto, Jos\u00e9 L\u00f3pez\u2013G\u00e1lvez (ed.), Gregorio L\u00f3pez, Alberto Losada, Amparo Merino, Jos\u00e9 Manuel Naredo (ed.), Emilio P\u00e9rez, Juan Reca y Jos\u00e9 Rold\u00e1n. 406 p\u00e1ginas.<\/span><span style=\"font-size: 10pt; line-height: 110%;\"><br \/>\n<\/span><\/p>","protected":false},"featured_media":17718,"parent":0,"template":"","meta":{"_acf_changed":false,"ngg_post_thumbnail":0,"footnotes":""},"publicacion_coleccion":[56],"class_list":["post-17717","fcm_publicacion","type-fcm_publicacion","status-publish","has-post-thumbnail","hentry","publicacion_coleccion-coediciones"],"acf":[],"_links":{"self":[{"href":"https:\/\/fcmanrique.org\/it\/wp-json\/wp\/v2\/fcm_publicacion\/17717","targetHints":{"allow":["GET"]}}],"collection":[{"href":"https:\/\/fcmanrique.org\/it\/wp-json\/wp\/v2\/fcm_publicacion"}],"about":[{"href":"https:\/\/fcmanrique.org\/it\/wp-json\/wp\/v2\/types\/fcm_publicacion"}],"version-history":[{"count":1,"href":"https:\/\/fcmanrique.org\/it\/wp-json\/wp\/v2\/fcm_publicacion\/17717\/revisions"}],"predecessor-version":[{"id":22503,"href":"https:\/\/fcmanrique.org\/it\/wp-json\/wp\/v2\/fcm_publicacion\/17717\/revisions\/22503"}],"wp:featuredmedia":[{"embeddable":true,"href":"https:\/\/fcmanrique.org\/it\/wp-json\/wp\/v2\/media\/17718"}],"wp:attachment":[{"href":"https:\/\/fcmanrique.org\/it\/wp-json\/wp\/v2\/media?parent=17717"}],"wp:term":[{"taxonomy":"publicacion_coleccion","embeddable":true,"href":"https:\/\/fcmanrique.org\/it\/wp-json\/wp\/v2\/publicacion_coleccion?post=17717"}],"curies":[{"name":"wp","href":"https:\/\/api.w.org\/{rel}","templated":true}]}}