{"id":20302,"date":"2019-09-10T19:00:36","date_gmt":"2019-09-10T19:00:36","guid":{"rendered":"https:\/\/fcmanrique.org\/?post_type=fcm_video&#038;p=20302"},"modified":"2023-06-15T18:09:18","modified_gmt":"2023-06-15T18:09:18","slug":"conversacion-inaki-gabilondo-y-victoria-camps-10-septiembre","status":"publish","type":"fcm_video","link":"https:\/\/fcmanrique.org\/it\/fcm-video\/conversacion-inaki-gabilondo-y-victoria-camps-10-septiembre\/","title":{"rendered":"I\u00f1aki Gabilondo y Victoria Camps. \u00ab\u00c9tica para tiempos de transici\u00f3n e incertidumbre\u00bb"},"content":{"rendered":"<p class=\"qtranxs-available-languages-message qtranxs-available-languages-message-it\">Ci spiace, ma questo articolo \u00e8 disponibile soltanto in <a href=\"https:\/\/fcmanrique.org\/es\/wp-json\/wp\/v2\/fcm_video\/20302\" class=\"qtranxs-available-language-link qtranxs-available-language-link-es\" title=\"ES\">ES<\/a>.<\/p><p><strong>Ciclo. Cuatro conversaciones de futuro<\/strong><\/p>\n<p>I\u00f1aki Gabilondo conversar\u00e1 a lo largo del Centenario con pensadores, f\u00edsicos y geoestrategas.<\/p>\n<p><strong>I\u00f1aki Gabilondo<\/strong> es periodista, con una experiencia de m\u00e1s de cuarenta a\u00f1os en el sector audiovisual, y una referencia indiscutible del periodismo de nuestro pa\u00eds, particularmente desde que cre\u00f3 y dirigi\u00f3 durante veinte a\u00f1os el programa \u201cHoy por hoy\u201d de la Cadena SER, convertido en el programa m\u00e1s escuchado de la historia de la radio con m\u00e1s de 3.300.000 oyentes diarios. En 1981 abandon\u00f3 la SER y se pas\u00f3 a RTVE como director de los Servicios Informativos de Televisi\u00f3n Espa\u00f1ola. En esa etapa vivi\u00f3 el intento de golpe de Estado 23-F, una situaci\u00f3n excepcional de la que se deriv\u00f3 su debut como presentador del Telediario de noche.<\/p>\n<p><strong>Victoria Camps<\/strong> es catedr\u00e1tica de Filosof\u00eda Moral y Pol\u00edtica de la Universidad Aut\u00f3noma de Barcelona. Ha sido senadora y consejera del Consejo Audiovisual de Catalu\u00f1a. En la actualidad es miembro del Comit\u00e9 de Bio\u00e9tica de Espa\u00f1a, y de la Fundaci\u00f3n V\u00edctor Grifols i Lucas y miembro del Consejo de Redacci\u00f3n de las revistas Isegor\u00eda (del Instituto de Filosof\u00eda del Consejo Superior de Investigaciones Cient\u00edficas) y Letra Internacional.<\/p>\n<p><strong>Leer la cr\u00f3nica de la conversaci\u00f3n:<\/strong> <a href=\"https:\/\/fcmanrique.org\/fcm-c-acti-celebrada\/gabilondo-y-camps\/?lang=es\">https:\/\/fcmanrique.org\/fcm-c-acti-celebrada\/gabilondo-y-camps\/?lang=es<\/a><\/p>\n<p><strong>M\u00e1s informaci\u00f3n:<\/strong>&nbsp;<a href=\"https:\/\/fcmanrique.org\/wp-content\/uploads\/fc-manrique-inaki-gabilondo-victoria-camps.pdf\">Nota de prensa<\/a><\/p>","protected":false},"featured_media":23646,"parent":0,"template":"","meta":{"_acf_changed":false,"ngg_post_thumbnail":0,"footnotes":""},"video_coleccion":[127],"class_list":["post-20302","fcm_video","type-fcm_video","status-publish","has-post-thumbnail","hentry","video_coleccion-conversacion"],"acf":[],"_links":{"self":[{"href":"https:\/\/fcmanrique.org\/it\/wp-json\/wp\/v2\/fcm_video\/20302","targetHints":{"allow":["GET"]}}],"collection":[{"href":"https:\/\/fcmanrique.org\/it\/wp-json\/wp\/v2\/fcm_video"}],"about":[{"href":"https:\/\/fcmanrique.org\/it\/wp-json\/wp\/v2\/types\/fcm_video"}],"version-history":[{"count":15,"href":"https:\/\/fcmanrique.org\/it\/wp-json\/wp\/v2\/fcm_video\/20302\/revisions"}],"predecessor-version":[{"id":23558,"href":"https:\/\/fcmanrique.org\/it\/wp-json\/wp\/v2\/fcm_video\/20302\/revisions\/23558"}],"wp:featuredmedia":[{"embeddable":true,"href":"https:\/\/fcmanrique.org\/it\/wp-json\/wp\/v2\/media\/23646"}],"wp:attachment":[{"href":"https:\/\/fcmanrique.org\/it\/wp-json\/wp\/v2\/media?parent=20302"}],"wp:term":[{"taxonomy":"video_coleccion","embeddable":true,"href":"https:\/\/fcmanrique.org\/it\/wp-json\/wp\/v2\/video_coleccion?post=20302"}],"curies":[{"name":"wp","href":"https:\/\/api.w.org\/{rel}","templated":true}]}}