{"id":20653,"date":"2019-11-05T20:00:36","date_gmt":"2019-11-05T20:00:36","guid":{"rendered":"https:\/\/fcmanrique.org\/?post_type=fcm_video&#038;p=20653"},"modified":"2023-06-15T18:09:18","modified_gmt":"2023-06-15T18:09:18","slug":"mesa-redonda-el-cesar-que-conocimos-5-noviembre","status":"publish","type":"fcm_video","link":"https:\/\/fcmanrique.org\/it\/fcm-video\/mesa-redonda-el-cesar-que-conocimos-5-noviembre\/","title":{"rendered":"Mesa redonda. \u00abEl C\u00e9sar que conocimos\u00bb"},"content":{"rendered":"<p class=\"qtranxs-available-languages-message qtranxs-available-languages-message-it\">Ci spiace, ma questo articolo \u00e8 disponibile soltanto in <a href=\"https:\/\/fcmanrique.org\/es\/wp-json\/wp\/v2\/fcm_video\/20653\" class=\"qtranxs-available-language-link qtranxs-available-language-link-es\" title=\"ES\">ES<\/a>.<\/p><p><strong>Ciclo. C\u00e9sar Manrique. Memoria compartida<\/strong><\/p>\n<p>La Fundaci\u00f3n C\u00e9sar Manrique (FCM) acogi\u00f3 el pasado martes, 5 de noviembre, en la sala Jos\u00e9 Saramago de La Plazuela (Arrecife), la mesa redonda titulada <em>El C\u00e9sar que conocimos<\/em>, en la que participaron Carlos Matallana, Mario Alberto Perdomo, Gueli Robayna y Fernando Ruiz. El encuentro, que se enmarca dentro de la programaci\u00f3n del centenario del nacimiento del artista que la instituci\u00f3n que lleva su nombre celebrar\u00e1 hasta el 24 de abril de 2020, estuvo moderado por los periodistas Techy Acosta y Salvador Hern\u00e1ndez.<\/p>\n<p>Los ponentes que participaron en esta mesa redonda se centraron en compartir, desde sus perspectivas personales, algunas de sus experiencias vitales al lado de C\u00e9sar Manrique. As\u00ed, se aproximaron al lado m\u00e1s humano y cercano del artista, a trav\u00e9s de an\u00e9cdotas y vivencias.<\/p>\n<p><strong>Leer la cr\u00f3nica de la mesa redonda:<\/strong>&nbsp;<a href=\"https:\/\/fcmanrique.org\/fcm-c-acti-celebrada\/mesa-redonda-el-cesar-que-conocimos\/?lang=es\">https:\/\/fcmanrique.org\/fcm-c-acti-celebrada\/mesa-redonda-el-cesar-que-conocimos\/?lang=es<\/a><\/p>\n<p><strong>M\u00e1s informaci\u00f3n:&nbsp;<\/strong><a href=\"https:\/\/fcmanrique.org\/wp-content\/uploads\/fc-manrique-mesa-redonda-el-cesar-que-conocimos.pdf\">M\u00e1s informaci\u00f3n sobre la mesa redonda <em>El C\u00e9sar que conocimos<\/em><\/a><\/p>","protected":false},"featured_media":23655,"parent":0,"template":"","meta":{"_acf_changed":false,"ngg_post_thumbnail":0,"footnotes":""},"video_coleccion":[105],"class_list":["post-20653","fcm_video","type-fcm_video","status-publish","has-post-thumbnail","hentry","video_coleccion-mesa-redonda"],"acf":[],"_links":{"self":[{"href":"https:\/\/fcmanrique.org\/it\/wp-json\/wp\/v2\/fcm_video\/20653","targetHints":{"allow":["GET"]}}],"collection":[{"href":"https:\/\/fcmanrique.org\/it\/wp-json\/wp\/v2\/fcm_video"}],"about":[{"href":"https:\/\/fcmanrique.org\/it\/wp-json\/wp\/v2\/types\/fcm_video"}],"version-history":[{"count":12,"href":"https:\/\/fcmanrique.org\/it\/wp-json\/wp\/v2\/fcm_video\/20653\/revisions"}],"predecessor-version":[{"id":23580,"href":"https:\/\/fcmanrique.org\/it\/wp-json\/wp\/v2\/fcm_video\/20653\/revisions\/23580"}],"wp:featuredmedia":[{"embeddable":true,"href":"https:\/\/fcmanrique.org\/it\/wp-json\/wp\/v2\/media\/23655"}],"wp:attachment":[{"href":"https:\/\/fcmanrique.org\/it\/wp-json\/wp\/v2\/media?parent=20653"}],"wp:term":[{"taxonomy":"video_coleccion","embeddable":true,"href":"https:\/\/fcmanrique.org\/it\/wp-json\/wp\/v2\/video_coleccion?post=20653"}],"curies":[{"name":"wp","href":"https:\/\/api.w.org\/{rel}","templated":true}]}}