{"id":20761,"date":"2019-11-07T19:00:42","date_gmt":"2019-11-07T19:00:42","guid":{"rendered":"https:\/\/fcmanrique.org\/?post_type=fcm_video&#038;p=20761"},"modified":"2023-06-15T18:09:18","modified_gmt":"2023-06-15T18:09:18","slug":"conferencia-cristina-almeida-la-evolucion-de-la-mujer-espanola-en-los-anos-de-democracia-7-de-noviembre","status":"publish","type":"fcm_video","link":"https:\/\/fcmanrique.org\/it\/fcm-video\/conferencia-cristina-almeida-la-evolucion-de-la-mujer-espanola-en-los-anos-de-democracia-7-de-noviembre\/","title":{"rendered":"Cristina Almeida. \u00abLa evoluci\u00f3n de la mujer espa\u00f1ola en los a\u00f1os de democracia\u00bb"},"content":{"rendered":"<p class=\"qtranxs-available-languages-message qtranxs-available-languages-message-it\">Ci spiace, ma questo articolo \u00e8 disponibile soltanto in <a href=\"https:\/\/fcmanrique.org\/es\/wp-json\/wp\/v2\/fcm_video\/20761\" class=\"qtranxs-available-language-link qtranxs-available-language-link-es\" title=\"ES\">ES<\/a>.<\/p><p><strong>Ciclo de conferencias magistrales. Pensar los l\u00edmites de nuestro tiempo<\/strong><\/p>\n<p>La Fundaci\u00f3n C\u00e9sar Manrique (FCM) acogi\u00f3 el pasado jueves, 7 de noviembre, en la sala Jos\u00e9 Saramago de La Plazuela (Arrecife), la conferencia titulada <em>La evoluci\u00f3n de la mujer espa\u00f1ola en los a\u00f1os de democracia<\/em>, impartida por Cristina Almeida. Esta actividad se enmarca dentro de la programaci\u00f3n del centenario del nacimiento del artista que la instituci\u00f3n que lleva su nombre celebrar\u00e1 hasta el 24 de abril de 2020.<\/p>\n<p><strong>Cristina Almeida<\/strong> se centr\u00f3 en analizar la evoluci\u00f3n del papel de la mujer en nuestro pa\u00eds desde una orientaci\u00f3n feminista, valorando logros y se\u00f1alando desaf\u00edos pendientes. La perspectiva de g\u00e9nero le sirvi\u00f3 a la conferenciante para analizar la realidad social y jur\u00eddica de las mujeres en nuestro pa\u00eds.<br \/>\nLa intervenci\u00f3n de Cristina Almeida se incluye dentro del ciclo de conferencias magistrales <em>Pensar los l\u00edmites de nuestro tiempo<\/em>, en el que ya han intervenido Fernando Savater, Eudald Carbonell (Premio Pr\u00edncipe de Asturias), Sonia Fern\u00e1ndez-Vidal y Eduardo Mart\u00ednez de Pis\u00f3n.<\/p>\n<p><strong>Leer la cr\u00f3nica de la conferencia:&nbsp;<\/strong><a href=\"https:\/\/fcmanrique.org\/fcm-c-acti-celebrada\/cristina-almeida\/?lang=es\">https:\/\/fcmanrique.org\/fcm-c-acti-celebrada\/cristina-almeida\/?lang=es<\/a><\/p>\n<p><strong>M\u00e1s informaci\u00f3n:<\/strong>&nbsp;<a href=\"https:\/\/fcmanrique.org\/wp-content\/uploads\/fc-manrique-conferencia-cristina-almeida.pdf\">Nota de prensa<\/a><\/p>","protected":false},"featured_media":23654,"parent":0,"template":"","meta":{"_acf_changed":false,"ngg_post_thumbnail":0,"footnotes":""},"video_coleccion":[97],"class_list":["post-20761","fcm_video","type-fcm_video","status-publish","has-post-thumbnail","hentry","video_coleccion-conferencia"],"acf":[],"_links":{"self":[{"href":"https:\/\/fcmanrique.org\/it\/wp-json\/wp\/v2\/fcm_video\/20761","targetHints":{"allow":["GET"]}}],"collection":[{"href":"https:\/\/fcmanrique.org\/it\/wp-json\/wp\/v2\/fcm_video"}],"about":[{"href":"https:\/\/fcmanrique.org\/it\/wp-json\/wp\/v2\/types\/fcm_video"}],"version-history":[{"count":12,"href":"https:\/\/fcmanrique.org\/it\/wp-json\/wp\/v2\/fcm_video\/20761\/revisions"}],"predecessor-version":[{"id":23581,"href":"https:\/\/fcmanrique.org\/it\/wp-json\/wp\/v2\/fcm_video\/20761\/revisions\/23581"}],"wp:featuredmedia":[{"embeddable":true,"href":"https:\/\/fcmanrique.org\/it\/wp-json\/wp\/v2\/media\/23654"}],"wp:attachment":[{"href":"https:\/\/fcmanrique.org\/it\/wp-json\/wp\/v2\/media?parent=20761"}],"wp:term":[{"taxonomy":"video_coleccion","embeddable":true,"href":"https:\/\/fcmanrique.org\/it\/wp-json\/wp\/v2\/video_coleccion?post=20761"}],"curies":[{"name":"wp","href":"https:\/\/api.w.org\/{rel}","templated":true}]}}