{"id":21466,"date":"2019-12-10T19:15:13","date_gmt":"2019-12-10T19:15:13","guid":{"rendered":"https:\/\/fcmanrique.org\/?post_type=fcm_video&#038;p=21466"},"modified":"2023-06-15T18:08:36","modified_gmt":"2023-06-15T18:08:36","slug":"curso-saber-de-isla-10-11-y-12-de-diciembre-2","status":"publish","type":"fcm_video","link":"https:\/\/fcmanrique.org\/it\/fcm-video\/curso-saber-de-isla-10-11-y-12-de-diciembre-2\/","title":{"rendered":"Saber de isla. Primer d\u00eda (Parte 2)"},"content":{"rendered":"<p class=\"qtranxs-available-languages-message qtranxs-available-languages-message-it\">Ci spiace, ma questo articolo \u00e8 disponibile soltanto in <a href=\"https:\/\/fcmanrique.org\/es\/wp-json\/wp\/v2\/fcm_video\/21466\" class=\"qtranxs-available-language-link qtranxs-available-language-link-es\" title=\"ES\">ES<\/a>.<\/p><p><strong>Curso. Saber de isla<\/strong><\/p>\n<p>La Fundaci\u00f3n C\u00e9sar Manrique (FCM) organiz\u00f3 los pasados d\u00edas 10, 11 y 12 de diciembre, en la sala Jos\u00e9 Saramago de La Plazuela (Arrecife), el curso \u201cSaber de Isla\u201d. Esta actividad se enmarca dentro del centenario del nacimiento de C\u00e9sar Manrique que la instituci\u00f3n que lleva su nombre celebrar\u00e1 hasta el pr\u00f3ximo 24 de abril de 2020.<\/p>\n<p><em>Saber de Isla<\/em> reuni\u00f3 durante tres tardes a un grupo de investigadores, estudiosos y expertos de distintos \u00e1mbitos de las ciencias y las humanidades con el objetivo de compartir sus conocimientos con el p\u00fablico asistente y exponer sus investigaciones sobre la isla de Lanzarote, dibujando alguno de sus perfiles culturales y cient\u00edficos m\u00e1s significativos.<\/p>\n<p>El martes 10 de diciembre, Agust\u00edn Domingo Acosta abri\u00f3 el curso con una conferencia sobre asteroides y cometas. A continuaci\u00f3n, <strong>Francisco Hern\u00e1ndez<\/strong>, cronista oficial de Teguise, ofreci\u00f3 una charla sobre las costumbres y las tradiciones insulares.<\/p>\n<p><strong>Leer la cr\u00f3nica de la conferencia:<\/strong>&nbsp;<a href=\"https:\/\/fcmanrique.org\/fcm-c-acti-celebrada\/saber-de-isla-primer-dia\/?lang=es\">https:\/\/fcmanrique.org\/fcm-c-acti-celebrada\/saber-de-isla-primer-dia\/?lang=es<\/a><\/p>\n<p><strong>M\u00e1s informaci\u00f3n:&nbsp;<\/strong><a href=\"https:\/\/fcmanrique.org\/wp-content\/uploads\/fc-manrique-curso-saber-de-isla.pdf\">Nota de prensa<\/a><\/p>","protected":false},"featured_media":23677,"parent":0,"template":"","meta":{"_acf_changed":false,"ngg_post_thumbnail":0,"footnotes":""},"video_coleccion":[136],"class_list":["post-21466","fcm_video","type-fcm_video","status-publish","has-post-thumbnail","hentry","video_coleccion-curso"],"acf":[],"_links":{"self":[{"href":"https:\/\/fcmanrique.org\/it\/wp-json\/wp\/v2\/fcm_video\/21466","targetHints":{"allow":["GET"]}}],"collection":[{"href":"https:\/\/fcmanrique.org\/it\/wp-json\/wp\/v2\/fcm_video"}],"about":[{"href":"https:\/\/fcmanrique.org\/it\/wp-json\/wp\/v2\/types\/fcm_video"}],"version-history":[{"count":5,"href":"https:\/\/fcmanrique.org\/it\/wp-json\/wp\/v2\/fcm_video\/21466\/revisions"}],"predecessor-version":[{"id":23660,"href":"https:\/\/fcmanrique.org\/it\/wp-json\/wp\/v2\/fcm_video\/21466\/revisions\/23660"}],"wp:featuredmedia":[{"embeddable":true,"href":"https:\/\/fcmanrique.org\/it\/wp-json\/wp\/v2\/media\/23677"}],"wp:attachment":[{"href":"https:\/\/fcmanrique.org\/it\/wp-json\/wp\/v2\/media?parent=21466"}],"wp:term":[{"taxonomy":"video_coleccion","embeddable":true,"href":"https:\/\/fcmanrique.org\/it\/wp-json\/wp\/v2\/video_coleccion?post=21466"}],"curies":[{"name":"wp","href":"https:\/\/api.w.org\/{rel}","templated":true}]}}